{"id":29,"date":"2019-09-26T16:43:51","date_gmt":"2019-09-26T14:43:51","guid":{"rendered":"http:\/\/www.anaislafeedartificemaquillages.com\/?page_id=29"},"modified":"2023-09-17T14:59:37","modified_gmt":"2023-09-17T12:59:37","slug":"cinema-et-spectacles","status":"publish","type":"page","link":"https:\/\/www.anaislafeedartificemaquillages.com\/?page_id=29","title":{"rendered":"Maquillage professionnel"},"content":{"rendered":"\n<div style=\"height:100px\" aria-hidden=\"true\" class=\"wp-block-spacer\"><\/div>\n\n\n\n<figure class=\"wp-block-image\"><img loading=\"lazy\" decoding=\"async\" width=\"1024\" height=\"683\" src=\"http:\/\/www.anaislafeedartificemaquillages.com\/wp-content\/uploads\/2019\/09\/galerie-1024x683.jpg\" alt=\"\" class=\"wp-image-93\" srcset=\"https:\/\/www.anaislafeedartificemaquillages.com\/wp-content\/uploads\/2019\/09\/galerie.jpg 1024w, https:\/\/www.anaislafeedartificemaquillages.com\/wp-content\/uploads\/2019\/09\/galerie-300x200.jpg 300w, https:\/\/www.anaislafeedartificemaquillages.com\/wp-content\/uploads\/2019\/09\/galerie-768x512.jpg 768w, https:\/\/www.anaislafeedartificemaquillages.com\/wp-content\/uploads\/2019\/09\/galerie-480x320.jpg 480w\" sizes=\"auto, (max-width: 1024px) 100vw, 1024px\" \/><\/figure>\n\n\n\n<p style=\"text-align:center\">Maquillage cin\u00e9ma &#8211; photo &#8211; vid\u00e9o.<br>Maquillage de sc\u00e8ne &#8211; Mariages<br>Coiffures &#8211; perruques <\/p>\n\n\n\n<div style=\"height:100px\" aria-hidden=\"true\" class=\"wp-block-spacer\"><\/div>\n\n\n\n<hr class=\"wp-block-separator\"\/>\n\n\n\n<p style=\"text-align:center\">Titulaire d&rsquo;un CAP de coiffure, maquilleuse form\u00e9e \u00e0 l&rsquo;\u00e9cole Avant-Sc\u00e8ne de Muriel Bourgeay, je me suis ensuite form\u00e9e \u00e0 la perruque \u00e0 l&rsquo;op\u00e9ra du Capitole \u00e0 Toulouse.<\/p>\n\n\n\n<p style=\"text-align:center\">Je suis \u00e0 votre disposition pour tout projets vid\u00e9o et cin\u00e9ma, d\u00e9fil\u00e9s, spectacles ou conseils aux artistes.<\/p>\n\n\n\n<hr class=\"wp-block-separator\"\/>\n\n\n\n<p style=\"text-align:center\"><a href=\"http:\/\/www.anaislafeedartificemaquillages.com\/?attachment_id=333\">Voir mon CV<\/a><\/p>\n\n\n\n<div style=\"height:100px\" aria-hidden=\"true\" class=\"wp-block-spacer\"><\/div>\n\n\n\n<figure class=\"wp-block-embed-youtube wp-block-embed is-type-video is-provider-youtube wp-embed-aspect-16-9 wp-has-aspect-ratio\"><div class=\"wp-block-embed__wrapper\">\n<iframe loading=\"lazy\" title=\"LE PORTRAIT (2018) Teaser #2\" width=\"860\" height=\"484\" src=\"https:\/\/www.youtube.com\/embed\/sSlu8cVGWNA?feature=oembed\" frameborder=\"0\" allow=\"accelerometer; autoplay; clipboard-write; encrypted-media; gyroscope; picture-in-picture; web-share\" allowfullscreen><\/iframe>\n<\/div><figcaption>Film le Portrait de Christophe Leclaire<\/figcaption><\/figure>\n\n\n\n<div style=\"height:100px\" aria-hidden=\"true\" class=\"wp-block-spacer\"><\/div>\n\n\n\n<figure class=\"wp-block-embed-youtube wp-block-embed is-type-video is-provider-youtube wp-embed-aspect-16-9 wp-has-aspect-ratio\"><div class=\"wp-block-embed__wrapper\">\n<iframe loading=\"lazy\" title=\"defil\u00e9 2022\" width=\"860\" height=\"484\" src=\"https:\/\/www.youtube.com\/embed\/wA48rDfcRPU?feature=oembed\" frameborder=\"0\" allow=\"accelerometer; autoplay; clipboard-write; encrypted-media; gyroscope; picture-in-picture; web-share\" allowfullscreen><\/iframe>\n<\/div><figcaption>D\u00e9fil\u00e9 La Juponnerie 2022 &#8211; Toulouse<\/figcaption><\/figure>\n\n\n\n<div style=\"height:100px\" aria-hidden=\"true\" class=\"wp-block-spacer\"><\/div>\n\n\n\n<figure class=\"wp-block-embed-youtube wp-block-embed is-type-video is-provider-youtube wp-embed-aspect-16-9 wp-has-aspect-ratio\"><div class=\"wp-block-embed__wrapper\">\n<iframe loading=\"lazy\" title=\"France Mutualiste &quot;l&#039;assurance d&#039;un esprit de famille&quot; Pub 30s\" width=\"860\" height=\"484\" src=\"https:\/\/www.youtube.com\/embed\/-rHoOPSoxD8?feature=oembed\" frameborder=\"0\" allow=\"accelerometer; autoplay; clipboard-write; encrypted-media; gyroscope; picture-in-picture; web-share\" allowfullscreen><\/iframe>\n<\/div><figcaption>D\u00e9fil\u00e9 La Juponnerie 2022 &#8211; Toulouse<\/figcaption><\/figure>\n\n\n\n<div style=\"height:100px\" aria-hidden=\"true\" class=\"wp-block-spacer\"><\/div>\n\n\n\n<figure class=\"wp-block-embed-youtube wp-block-embed is-type-video is-provider-youtube wp-embed-aspect-16-9 wp-has-aspect-ratio\"><div class=\"wp-block-embed__wrapper\">\n<iframe loading=\"lazy\" title=\"Ol\u00ea ol\u00e1 Brasil! (Banda do Mato)\" width=\"860\" height=\"484\" src=\"https:\/\/www.youtube.com\/embed\/JFo63PHq2UI?feature=oembed\" frameborder=\"0\" allow=\"accelerometer; autoplay; clipboard-write; encrypted-media; gyroscope; picture-in-picture; web-share\" allowfullscreen><\/iframe>\n<\/div><figcaption><a href=\"https:\/\/youtu.be\/JFo63PHq2UI\">Clip Banda Do Mato<\/a><br><\/figcaption><\/figure>\n\n\n\n<div style=\"height:100px\" aria-hidden=\"true\" class=\"wp-block-spacer\"><\/div>\n\n\n\n[ngg src=\u00a0\u00bbgalleries\u00a0\u00bb ids=\u00a0\u00bb4&Prime; display=\u00a0\u00bbbasic_thumbnail\u00a0\u00bb]\n\n\n\n<p style=\"text-align:center\"><a href=\"https:\/\/www.unifrance.org\/film\/31228\/potlatch\">https:\/\/www.unifrance.org\/film\/31228\/potlatch<\/a><\/p>\n","protected":false},"excerpt":{"rendered":"<p>Maquillage cin\u00e9ma &#8211; photo &#8211; vid\u00e9o.Maquillage de sc\u00e8ne &#8211; MariagesCoiffures &#8211; perruques Titulaire d&rsquo;un CAP de coiffure, maquilleuse form\u00e9e \u00e0 l&rsquo;\u00e9cole Avant-Sc\u00e8ne de Muriel Bourgeay, je me suis ensuite form\u00e9e \u00e0 la perruque \u00e0 l&rsquo;op\u00e9ra du Capitole \u00e0 Toulouse. Je <span class=\"readmore\"><a class=\"more-link\" href=\"https:\/\/www.anaislafeedartificemaquillages.com\/?page_id=29\">Read More &#8230;<\/a><\/span><\/p>\n","protected":false},"author":1,"featured_media":92,"parent":0,"menu_order":0,"comment_status":"closed","ping_status":"closed","template":"","meta":{"footnotes":""},"class_list":["post-29","page","type-page","status-publish","has-post-thumbnail","hentry"],"_links":{"self":[{"href":"https:\/\/www.anaislafeedartificemaquillages.com\/index.php?rest_route=\/wp\/v2\/pages\/29","targetHints":{"allow":["GET"]}}],"collection":[{"href":"https:\/\/www.anaislafeedartificemaquillages.com\/index.php?rest_route=\/wp\/v2\/pages"}],"about":[{"href":"https:\/\/www.anaislafeedartificemaquillages.com\/index.php?rest_route=\/wp\/v2\/types\/page"}],"author":[{"embeddable":true,"href":"https:\/\/www.anaislafeedartificemaquillages.com\/index.php?rest_route=\/wp\/v2\/users\/1"}],"replies":[{"embeddable":true,"href":"https:\/\/www.anaislafeedartificemaquillages.com\/index.php?rest_route=%2Fwp%2Fv2%2Fcomments&post=29"}],"version-history":[{"count":13,"href":"https:\/\/www.anaislafeedartificemaquillages.com\/index.php?rest_route=\/wp\/v2\/pages\/29\/revisions"}],"predecessor-version":[{"id":337,"href":"https:\/\/www.anaislafeedartificemaquillages.com\/index.php?rest_route=\/wp\/v2\/pages\/29\/revisions\/337"}],"wp:featuredmedia":[{"embeddable":true,"href":"https:\/\/www.anaislafeedartificemaquillages.com\/index.php?rest_route=\/wp\/v2\/media\/92"}],"wp:attachment":[{"href":"https:\/\/www.anaislafeedartificemaquillages.com\/index.php?rest_route=%2Fwp%2Fv2%2Fmedia&parent=29"}],"curies":[{"name":"wp","href":"https:\/\/api.w.org\/{rel}","templated":true}]}}